{"id":3963,"date":"2020-09-03T17:18:44","date_gmt":"2020-09-03T15:18:44","guid":{"rendered":"https:\/\/seedsoftellers.eu\/?post_type=resources&#038;p=3963"},"modified":"2020-10-21T16:36:20","modified_gmt":"2020-10-21T14:36:20","slug":"lenda-das-amendoeiras-em-flor","status":"publish","type":"resources","link":"https:\/\/seedsoftellers.eu\/pt-pt\/resources\/lenda-das-amendoeiras-em-flor\/","title":{"rendered":"Lenda das amendoeiras em flor"},"content":{"rendered":"\n<p>H\u00e1 muito tempo, antes da independ\u00eancia de Portugal, quando o Algarve pertencia aos mouros, havia ali um rei mouro que desposara uma rapariga do norte da Europa, \u00e0 qual davam o nome de Gilda.<\/p>\n\n\n\n<p>Era encantadora essa criatura, a quem todos chamavam a &#8220;Bela do Norte&#8221;, e por isso n\u00e3o admira que o rei, de tez cobreada, t\u00e3o bravo e audaz na guerra, a quisesse para rainha.<\/p>\n\n\n\n<p>Apesar das festas que houve nessa ocasi\u00e3o, uma tristeza se apoderou de Gilda. Nem os mais ricos presentes do esposo faziam nascer um sorriso naqueles l\u00e1bios agora descorados: a &#8220;Bela do Norte&#8221; tinha saudades da sua terra.<\/p>\n\n\n\n<p>O rei consegui, enfim, um dia, que Gilda, em pranto e solu\u00e7os, lhe confessasse que toda a sua tristeza era devida a n\u00e3o ver os campos cobertos de neve, como na sua terra.<\/p>\n\n\n\n<p>O grande temor de perder a esposa amada sugeriu, ent\u00e3o, ao rei uma boa ideia. Deu ordem para que em todo o Algarve se fizessem planta\u00e7\u00f5es de amendoeiras, e no princ\u00edpio da Primavera, j\u00e1 elas estavam todas cobertas de flores.<\/p>\n\n\n\n<p>O bom rei, antevendo a alegria que Gilda havia de sentir, disse-lhe:<\/p>\n\n\n\n<p>&#8211; Gilda, vinde comigo \u00e0 varanda da torre mais alta do castelo e contemplareis um espet\u00e1culo encantador!<\/p>\n\n\n\n<p>Logo que chegou ao alto da torre, a rainha bateu palmas e soltou gritos de alegria ao ver todas as terras cobertas por um manto branco, que julgou ser neve.<\/p>\n\n\n\n<p>&#8211; Vede &#8211; disse-lhe o rei sorrindo &#8211; como Al\u00e1 \u00e9 am\u00e1vel convosco. Os vossos desejos est\u00e3o cumpridos!<\/p>\n\n\n\n<p>A rainha ficou t\u00e3o contente que dentro em pouco estava completamente curada. A tristeza que a matava lentamente desapareceu, e Gilda sentia-se alegre e satisfeita junto do rei que a adorava. E, todos os anos, no in\u00edcio da Primavera, ela via do alto da torre, as amendoeiras cobertas de lindas flores brancas, que lhe lembravam os campos cobertos de neve, como na sua terra.<\/p>\n\n\n\n<p><\/p>\n\n\n\n<div class=\"wp-block-image\"><figure class=\"aligncenter size-large\"><img decoding=\"async\" width=\"565\" height=\"800\" src=\"https:\/\/seedsoftellers.eu\/wp-content\/uploads\/2020\/10\/51.-Lenda-das-amendoeiras-em-flor_-Parmisa.jpg\" alt=\"\" class=\"wp-image-5428\" srcset=\"https:\/\/seedsoftellers.eu\/wp-content\/uploads\/2020\/10\/51.-Lenda-das-amendoeiras-em-flor_-Parmisa.jpg 565w, https:\/\/seedsoftellers.eu\/wp-content\/uploads\/2020\/10\/51.-Lenda-das-amendoeiras-em-flor_-Parmisa-480x680.jpg 480w\" sizes=\"(min-width: 0px) and (max-width: 480px) 480px, (min-width: 481px) 565px, 100vw\" \/><\/figure><\/div>\n\n\n\n<p><\/p>\n","protected":false},"featured_media":0,"menu_order":0,"template":"","meta":{"_acf_changed":false,"_et_pb_use_builder":"","_et_pb_old_content":"","_et_gb_content_width":"","inline_featured_image":false},"resource_format":[83],"resource_type":[102],"resource_origin":[122],"resource_genre":[227],"resource_theme":[211,216],"resource_difficulty":[151],"subtitles":[],"video_language":[],"thematic_cat":[],"class_list":["post-3963","resources","type-resources","status-publish","hentry","resource_format-text-pt","resource_type-tale-pt","resource_origin-mediterranean-pt","resource_genre-legends-pt","resource_theme-vegetal-pt","resource_theme-weather-elements-pt","resource_difficulty-level3-pt"],"acf":[],"yoast_head":"<!-- This site is optimized with the Yoast SEO plugin v27.5 - https:\/\/yoast.com\/product\/yoast-seo-wordpress\/ -->\n<title>Lenda das amendoeiras em flor - Seeds Of Tellers<\/title>\n<meta name=\"robots\" content=\"index, follow, max-snippet:-1, max-image-preview:large, max-video-preview:-1\" \/>\n<link rel=\"canonical\" href=\"https:\/\/seedsoftellers.eu\/pt-pt\/resources\/lenda-das-amendoeiras-em-flor\/\" \/>\n<meta property=\"og:locale\" content=\"pt_PT\" \/>\n<meta property=\"og:type\" content=\"article\" \/>\n<meta property=\"og:title\" content=\"Lenda das amendoeiras em flor - Seeds Of Tellers\" \/>\n<meta property=\"og:description\" content=\"H\u00e1 muito tempo, antes da independ\u00eancia de Portugal, quando o Algarve pertencia aos mouros, havia ali um rei mouro que desposara uma rapariga do norte da Europa, \u00e0 qual davam o nome de Gilda. Era encantadora essa criatura, a quem todos chamavam a &#8220;Bela do Norte&#8221;, e por isso n\u00e3o admira que o rei, de [&hellip;]\" \/>\n<meta property=\"og:url\" content=\"https:\/\/seedsoftellers.eu\/pt-pt\/resources\/lenda-das-amendoeiras-em-flor\/\" \/>\n<meta property=\"og:site_name\" content=\"Seeds Of Tellers\" \/>\n<meta property=\"article:publisher\" content=\"https:\/\/www.facebook.com\/seedsoftellers.eu\/\" \/>\n<meta property=\"article:modified_time\" content=\"2020-10-21T14:36:20+00:00\" \/>\n<meta property=\"og:image\" content=\"https:\/\/seedsoftellers.eu\/wp-content\/uploads\/2020\/10\/51.-Lenda-das-amendoeiras-em-flor_-Parmisa.jpg\" \/>\n<meta name=\"twitter:card\" content=\"summary_large_image\" \/>\n<script type=\"application\/ld+json\" class=\"yoast-schema-graph\">{\"@context\":\"https:\\\/\\\/schema.org\",\"@graph\":[{\"@type\":\"WebPage\",\"@id\":\"https:\\\/\\\/seedsoftellers.eu\\\/pt-pt\\\/resources\\\/lenda-das-amendoeiras-em-flor\\\/\",\"url\":\"https:\\\/\\\/seedsoftellers.eu\\\/pt-pt\\\/resources\\\/lenda-das-amendoeiras-em-flor\\\/\",\"name\":\"Lenda das amendoeiras em flor - Seeds Of Tellers\",\"isPartOf\":{\"@id\":\"https:\\\/\\\/seedsoftellers.eu\\\/pt-pt\\\/#website\"},\"primaryImageOfPage\":{\"@id\":\"https:\\\/\\\/seedsoftellers.eu\\\/pt-pt\\\/resources\\\/lenda-das-amendoeiras-em-flor\\\/#primaryimage\"},\"image\":{\"@id\":\"https:\\\/\\\/seedsoftellers.eu\\\/pt-pt\\\/resources\\\/lenda-das-amendoeiras-em-flor\\\/#primaryimage\"},\"thumbnailUrl\":\"https:\\\/\\\/seedsoftellers.eu\\\/wp-content\\\/uploads\\\/2020\\\/10\\\/51.-Lenda-das-amendoeiras-em-flor_-Parmisa.jpg\",\"datePublished\":\"2020-09-03T15:18:44+00:00\",\"dateModified\":\"2020-10-21T14:36:20+00:00\",\"breadcrumb\":{\"@id\":\"https:\\\/\\\/seedsoftellers.eu\\\/pt-pt\\\/resources\\\/lenda-das-amendoeiras-em-flor\\\/#breadcrumb\"},\"inLanguage\":\"pt-PT\",\"potentialAction\":[{\"@type\":\"ReadAction\",\"target\":[\"https:\\\/\\\/seedsoftellers.eu\\\/pt-pt\\\/resources\\\/lenda-das-amendoeiras-em-flor\\\/\"]}]},{\"@type\":\"ImageObject\",\"inLanguage\":\"pt-PT\",\"@id\":\"https:\\\/\\\/seedsoftellers.eu\\\/pt-pt\\\/resources\\\/lenda-das-amendoeiras-em-flor\\\/#primaryimage\",\"url\":\"https:\\\/\\\/seedsoftellers.eu\\\/wp-content\\\/uploads\\\/2020\\\/10\\\/51.-Lenda-das-amendoeiras-em-flor_-Parmisa.jpg\",\"contentUrl\":\"https:\\\/\\\/seedsoftellers.eu\\\/wp-content\\\/uploads\\\/2020\\\/10\\\/51.-Lenda-das-amendoeiras-em-flor_-Parmisa.jpg\"},{\"@type\":\"BreadcrumbList\",\"@id\":\"https:\\\/\\\/seedsoftellers.eu\\\/pt-pt\\\/resources\\\/lenda-das-amendoeiras-em-flor\\\/#breadcrumb\",\"itemListElement\":[{\"@type\":\"ListItem\",\"position\":1,\"name\":\"Home\",\"item\":\"https:\\\/\\\/seedsoftellers.eu\\\/pt-pt\\\/\"},{\"@type\":\"ListItem\",\"position\":2,\"name\":\"Resources\",\"item\":\"https:\\\/\\\/seedsoftellers.eu\\\/pt-pt\\\/resources\\\/\"},{\"@type\":\"ListItem\",\"position\":3,\"name\":\"Lenda das amendoeiras em flor\"}]},{\"@type\":\"WebSite\",\"@id\":\"https:\\\/\\\/seedsoftellers.eu\\\/pt-pt\\\/#website\",\"url\":\"https:\\\/\\\/seedsoftellers.eu\\\/pt-pt\\\/\",\"name\":\"Seeds Of Tellers\",\"description\":\"Storytelling for a better oracy\",\"publisher\":{\"@id\":\"https:\\\/\\\/seedsoftellers.eu\\\/pt-pt\\\/#organization\"},\"potentialAction\":[{\"@type\":\"SearchAction\",\"target\":{\"@type\":\"EntryPoint\",\"urlTemplate\":\"https:\\\/\\\/seedsoftellers.eu\\\/pt-pt\\\/?s={search_term_string}\"},\"query-input\":{\"@type\":\"PropertyValueSpecification\",\"valueRequired\":true,\"valueName\":\"search_term_string\"}}],\"inLanguage\":\"pt-PT\"},{\"@type\":\"Organization\",\"@id\":\"https:\\\/\\\/seedsoftellers.eu\\\/pt-pt\\\/#organization\",\"name\":\"Seeds of Tellers\",\"url\":\"https:\\\/\\\/seedsoftellers.eu\\\/pt-pt\\\/\",\"logo\":{\"@type\":\"ImageObject\",\"inLanguage\":\"pt-PT\",\"@id\":\"https:\\\/\\\/seedsoftellers.eu\\\/pt-pt\\\/#\\\/schema\\\/logo\\\/image\\\/\",\"url\":\"https:\\\/\\\/seedsoftellers.eu\\\/wp-content\\\/uploads\\\/2020\\\/03\\\/logo_seedsoftellers-1.png\",\"contentUrl\":\"https:\\\/\\\/seedsoftellers.eu\\\/wp-content\\\/uploads\\\/2020\\\/03\\\/logo_seedsoftellers-1.png\",\"width\":1400,\"height\":584,\"caption\":\"Seeds of Tellers\"},\"image\":{\"@id\":\"https:\\\/\\\/seedsoftellers.eu\\\/pt-pt\\\/#\\\/schema\\\/logo\\\/image\\\/\"},\"sameAs\":[\"https:\\\/\\\/www.facebook.com\\\/seedsoftellers.eu\\\/\"]}]}<\/script>\n<!-- \/ Yoast SEO plugin. -->","yoast_head_json":{"title":"Lenda das amendoeiras em flor - Seeds Of Tellers","robots":{"index":"index","follow":"follow","max-snippet":"max-snippet:-1","max-image-preview":"max-image-preview:large","max-video-preview":"max-video-preview:-1"},"canonical":"https:\/\/seedsoftellers.eu\/pt-pt\/resources\/lenda-das-amendoeiras-em-flor\/","og_locale":"pt_PT","og_type":"article","og_title":"Lenda das amendoeiras em flor - Seeds Of Tellers","og_description":"H\u00e1 muito tempo, antes da independ\u00eancia de Portugal, quando o Algarve pertencia aos mouros, havia ali um rei mouro que desposara uma rapariga do norte da Europa, \u00e0 qual davam o nome de Gilda. Era encantadora essa criatura, a quem todos chamavam a &#8220;Bela do Norte&#8221;, e por isso n\u00e3o admira que o rei, de [&hellip;]","og_url":"https:\/\/seedsoftellers.eu\/pt-pt\/resources\/lenda-das-amendoeiras-em-flor\/","og_site_name":"Seeds Of Tellers","article_publisher":"https:\/\/www.facebook.com\/seedsoftellers.eu\/","article_modified_time":"2020-10-21T14:36:20+00:00","og_image":[{"url":"https:\/\/seedsoftellers.eu\/wp-content\/uploads\/2020\/10\/51.-Lenda-das-amendoeiras-em-flor_-Parmisa.jpg","type":"","width":"","height":""}],"twitter_card":"summary_large_image","schema":{"@context":"https:\/\/schema.org","@graph":[{"@type":"WebPage","@id":"https:\/\/seedsoftellers.eu\/pt-pt\/resources\/lenda-das-amendoeiras-em-flor\/","url":"https:\/\/seedsoftellers.eu\/pt-pt\/resources\/lenda-das-amendoeiras-em-flor\/","name":"Lenda das amendoeiras em flor - Seeds Of Tellers","isPartOf":{"@id":"https:\/\/seedsoftellers.eu\/pt-pt\/#website"},"primaryImageOfPage":{"@id":"https:\/\/seedsoftellers.eu\/pt-pt\/resources\/lenda-das-amendoeiras-em-flor\/#primaryimage"},"image":{"@id":"https:\/\/seedsoftellers.eu\/pt-pt\/resources\/lenda-das-amendoeiras-em-flor\/#primaryimage"},"thumbnailUrl":"https:\/\/seedsoftellers.eu\/wp-content\/uploads\/2020\/10\/51.-Lenda-das-amendoeiras-em-flor_-Parmisa.jpg","datePublished":"2020-09-03T15:18:44+00:00","dateModified":"2020-10-21T14:36:20+00:00","breadcrumb":{"@id":"https:\/\/seedsoftellers.eu\/pt-pt\/resources\/lenda-das-amendoeiras-em-flor\/#breadcrumb"},"inLanguage":"pt-PT","potentialAction":[{"@type":"ReadAction","target":["https:\/\/seedsoftellers.eu\/pt-pt\/resources\/lenda-das-amendoeiras-em-flor\/"]}]},{"@type":"ImageObject","inLanguage":"pt-PT","@id":"https:\/\/seedsoftellers.eu\/pt-pt\/resources\/lenda-das-amendoeiras-em-flor\/#primaryimage","url":"https:\/\/seedsoftellers.eu\/wp-content\/uploads\/2020\/10\/51.-Lenda-das-amendoeiras-em-flor_-Parmisa.jpg","contentUrl":"https:\/\/seedsoftellers.eu\/wp-content\/uploads\/2020\/10\/51.-Lenda-das-amendoeiras-em-flor_-Parmisa.jpg"},{"@type":"BreadcrumbList","@id":"https:\/\/seedsoftellers.eu\/pt-pt\/resources\/lenda-das-amendoeiras-em-flor\/#breadcrumb","itemListElement":[{"@type":"ListItem","position":1,"name":"Home","item":"https:\/\/seedsoftellers.eu\/pt-pt\/"},{"@type":"ListItem","position":2,"name":"Resources","item":"https:\/\/seedsoftellers.eu\/pt-pt\/resources\/"},{"@type":"ListItem","position":3,"name":"Lenda das amendoeiras em flor"}]},{"@type":"WebSite","@id":"https:\/\/seedsoftellers.eu\/pt-pt\/#website","url":"https:\/\/seedsoftellers.eu\/pt-pt\/","name":"Seeds Of Tellers","description":"Storytelling for a better oracy","publisher":{"@id":"https:\/\/seedsoftellers.eu\/pt-pt\/#organization"},"potentialAction":[{"@type":"SearchAction","target":{"@type":"EntryPoint","urlTemplate":"https:\/\/seedsoftellers.eu\/pt-pt\/?s={search_term_string}"},"query-input":{"@type":"PropertyValueSpecification","valueRequired":true,"valueName":"search_term_string"}}],"inLanguage":"pt-PT"},{"@type":"Organization","@id":"https:\/\/seedsoftellers.eu\/pt-pt\/#organization","name":"Seeds of Tellers","url":"https:\/\/seedsoftellers.eu\/pt-pt\/","logo":{"@type":"ImageObject","inLanguage":"pt-PT","@id":"https:\/\/seedsoftellers.eu\/pt-pt\/#\/schema\/logo\/image\/","url":"https:\/\/seedsoftellers.eu\/wp-content\/uploads\/2020\/03\/logo_seedsoftellers-1.png","contentUrl":"https:\/\/seedsoftellers.eu\/wp-content\/uploads\/2020\/03\/logo_seedsoftellers-1.png","width":1400,"height":584,"caption":"Seeds of Tellers"},"image":{"@id":"https:\/\/seedsoftellers.eu\/pt-pt\/#\/schema\/logo\/image\/"},"sameAs":["https:\/\/www.facebook.com\/seedsoftellers.eu\/"]}]}},"_links":{"self":[{"href":"https:\/\/seedsoftellers.eu\/pt-pt\/wp-json\/wp\/v2\/resources\/3963","targetHints":{"allow":["GET"]}}],"collection":[{"href":"https:\/\/seedsoftellers.eu\/pt-pt\/wp-json\/wp\/v2\/resources"}],"about":[{"href":"https:\/\/seedsoftellers.eu\/pt-pt\/wp-json\/wp\/v2\/types\/resources"}],"wp:attachment":[{"href":"https:\/\/seedsoftellers.eu\/pt-pt\/wp-json\/wp\/v2\/media?parent=3963"}],"wp:term":[{"taxonomy":"resource_format","embeddable":true,"href":"https:\/\/seedsoftellers.eu\/pt-pt\/wp-json\/wp\/v2\/resource_format?post=3963"},{"taxonomy":"resource_type","embeddable":true,"href":"https:\/\/seedsoftellers.eu\/pt-pt\/wp-json\/wp\/v2\/resource_type?post=3963"},{"taxonomy":"resource_origin","embeddable":true,"href":"https:\/\/seedsoftellers.eu\/pt-pt\/wp-json\/wp\/v2\/resource_origin?post=3963"},{"taxonomy":"resource_genre","embeddable":true,"href":"https:\/\/seedsoftellers.eu\/pt-pt\/wp-json\/wp\/v2\/resource_genre?post=3963"},{"taxonomy":"resource_theme","embeddable":true,"href":"https:\/\/seedsoftellers.eu\/pt-pt\/wp-json\/wp\/v2\/resource_theme?post=3963"},{"taxonomy":"resource_difficulty","embeddable":true,"href":"https:\/\/seedsoftellers.eu\/pt-pt\/wp-json\/wp\/v2\/resource_difficulty?post=3963"},{"taxonomy":"subtitles","embeddable":true,"href":"https:\/\/seedsoftellers.eu\/pt-pt\/wp-json\/wp\/v2\/subtitles?post=3963"},{"taxonomy":"video_language","embeddable":true,"href":"https:\/\/seedsoftellers.eu\/pt-pt\/wp-json\/wp\/v2\/video_language?post=3963"},{"taxonomy":"thematic_cat","embeddable":true,"href":"https:\/\/seedsoftellers.eu\/pt-pt\/wp-json\/wp\/v2\/thematic_cat?post=3963"}],"curies":[{"name":"wp","href":"https:\/\/api.w.org\/{rel}","templated":true}]}}